{"version":"1.0","provider_name":"Courir Le Monde","provider_url":"https:\/\/courir-lemonde.com","author_name":"Chap44","author_url":"https:\/\/courir-lemonde.com\/index.php\/author\/chap331244\/","title":"Voyage \u00e0 v\u00e9lo en Scandinavie : mon parcours entre le Danemark, la Norv\u00e8ge, la Su\u00e8de et la Finlande - Courir Le Monde","type":"rich","width":600,"height":338,"html":"<blockquote class=\"wp-embedded-content\" data-secret=\"1FEcBkQVH1\"><a href=\"https:\/\/courir-lemonde.com\/index.php\/2018\/06\/07\/voyage-a-velo-en-scandinavie-mon-parcours\/\">Voyage \u00e0 v\u00e9lo en Scandinavie : mon parcours entre le Danemark, la Norv\u00e8ge, la Su\u00e8de et la Finlande<\/a><\/blockquote><iframe sandbox=\"allow-scripts\" security=\"restricted\" src=\"https:\/\/courir-lemonde.com\/index.php\/2018\/06\/07\/voyage-a-velo-en-scandinavie-mon-parcours\/embed\/#?secret=1FEcBkQVH1\" width=\"600\" height=\"338\" title=\"\u00ab\u00a0Voyage \u00e0 v\u00e9lo en Scandinavie : mon parcours entre le Danemark, la Norv\u00e8ge, la Su\u00e8de et la Finlande\u00a0\u00bb &#8212; Courir Le Monde\" data-secret=\"1FEcBkQVH1\" frameborder=\"0\" marginwidth=\"0\" marginheight=\"0\" scrolling=\"no\" class=\"wp-embedded-content\"><\/iframe><script type=\"text\/javascript\">\n\/* <![CDATA[ *\/\n\/*! This file is auto-generated *\/\n!function(d,l){\"use strict\";l.querySelector&&d.addEventListener&&\"undefined\"!=typeof URL&&(d.wp=d.wp||{},d.wp.receiveEmbedMessage||(d.wp.receiveEmbedMessage=function(e){var t=e.data;if((t||t.secret||t.message||t.value)&&!\/[^a-zA-Z0-9]\/.test(t.secret)){for(var s,r,n,a=l.querySelectorAll('iframe[data-secret=\"'+t.secret+'\"]'),o=l.querySelectorAll('blockquote[data-secret=\"'+t.secret+'\"]'),c=new RegExp(\"^https?:$\",\"i\"),i=0;i<o.length;i++)o[i].style.display=\"none\";for(i=0;i<a.length;i++)s=a[i],e.source===s.contentWindow&&(s.removeAttribute(\"style\"),\"height\"===t.message?(1e3<(r=parseInt(t.value,10))?r=1e3:~~r<200&&(r=200),s.height=r):\"link\"===t.message&&(r=new URL(s.getAttribute(\"src\")),n=new URL(t.value),c.test(n.protocol))&&n.host===r.host&&l.activeElement===s&&(d.top.location.href=t.value))}},d.addEventListener(\"message\",d.wp.receiveEmbedMessage,!1),l.addEventListener(\"DOMContentLoaded\",function(){for(var e,t,s=l.querySelectorAll(\"iframe.wp-embedded-content\"),r=0;r<s.length;r++)(t=(e=s[r]).getAttribute(\"data-secret\"))||(t=Math.random().toString(36).substring(2,12),e.src+=\"#?secret=\"+t,e.setAttribute(\"data-secret\",t)),e.contentWindow.postMessage({message:\"ready\",secret:t},\"*\")},!1)))}(window,document);\n\/* ]]> *\/\n<\/script>\n","description":"Le trajet approximatif de mon prochain p\u00e9riple en Scandinavie. Sans compter les portions en ferry et en train, le trac\u00e9 fait \u00e0 peu pr\u00e8s 4500 kilom\u00e8tres (capture d&rsquo;\u00e9cran gmaps) Le 19 juin prochain, je partirai, accompagn\u00e9 de ma bicyclette Pepete, &hellip; Continuer la lecture &rarr;","thumbnail_url":"https:\/\/courir-lemonde.com\/wp-content\/uploads\/2018\/05\/carte-scandinavie.jpg"}